{"id":722,"date":"2024-11-18T17:41:31","date_gmt":"2024-11-18T17:41:31","guid":{"rendered":"https:\/\/coucevineyards.com\/?post_type=product&#038;p=722"},"modified":"2025-11-03T16:39:02","modified_gmt":"2025-11-03T16:39:02","slug":"alegra-reserva-malbec-2021-750-ml-x-1-botella-2","status":"publish","type":"product","link":"https:\/\/coucevineyards.com\/es\/producto\/alegra-reserva-malbec-2021-750-ml-x-1-botella-2\/","title":{"rendered":"ALEGRA RESERVA BLEND 2022 750 ML X 1 BOTELLA"},"content":{"rendered":"<p><strong>NOTAS DEL EN\u00d3LOGO:<\/strong><br \/>\nDe color rojo rub\u00ed oscuro, con reflejos violetas. En nariz presenta aromas a cereza, grosella, pimienta rosa y delicadas notas florales. En boca es equilibrado, con taninos firmes y sedosos, buena acidez y final persistente con delicadas notas a especias y hierbas frescas.<\/p>\n<p><strong>COMPOSICION VARIETAL:<\/strong><br \/>\n85% Malbec, 15% Carmenere<\/p>\n<p><strong>COSECHA: <\/strong>2022<\/p>\n<p><strong>ORIGEN:<\/strong> Los Chacayes \u2013 Valle de Uco \u2013 Mendoza<\/p>\n<p><strong>EDAD DEL VI\u00d1EDO:<\/strong> 2011<\/p>\n<p><strong>ALTITUD:<\/strong> 1100 msnm<\/p>\n<p><strong>SUELO:<\/strong> Pobre en materia org\u00e1nica, muy rocoso y limo-arenoso en su composici\u00f3n<\/p>\n<p><strong>CRIANZA:<\/strong> 22 meses en barricas de roble franc\u00e9s<\/p>\n<p><strong>POTENCIAL DE GUARDA:<\/strong> 5-6 a\u00f1os<\/p>\n<p><strong>ALCOHOL:<\/strong> 13.9%<\/p>\n<p><strong>EN\u00d3LOGO:<\/strong> Pablo Martorell<\/p>\n<p><strong>CONSEJOS:<br \/>\n<\/strong><br \/>\n<strong>Conservaci\u00f3n:<\/strong> Siempre acostadas a 13 \u00b0C, poca luz y con humedad relativa de entre 60 y 90 HR.<br \/>\n<strong>Consumo:<\/strong>\u00a0Temperatura de servicio de entre 16-18 \u00b0C.<br \/>\nSe recomienda airear antes de servir.<\/p>","protected":false},"excerpt":{"rendered":"<p>Alegra es m\u00e1s grande que la suma de sus partes. Es la mezcla de culturas, olores y sensaciones de todo el mundo en busca de la mejor versi\u00f3n entre lo racional y la pasi\u00f3n. Alamela es la uni\u00f3n gen\u00e9tica de los mejores elementos. Representa la fraternidad y la complicidad en la b\u00fasqueda de la felicidad. Al igual que Alan &amp; Melanie, este vino simboliza la juventud, la determinaci\u00f3n de explorar oportunidades, la espontaneidad para descubrir el mundo. Alamela es la fraternidad que te lleva a momentos inolvidables, esos momentos que siempre querr\u00e1s volver a vivir.<\/p>","protected":false},"featured_media":723,"template":"","meta":{"_et_pb_use_builder":"","_et_pb_old_content":"","_et_gb_content_width":"","_joinchat":[]},"product_brand":[],"product_cat":[23],"product_tag":[],"class_list":{"0":"post-722","1":"product","2":"type-product","3":"status-publish","4":"has-post-thumbnail","6":"product_cat-wines","8":"first","9":"instock","10":"taxable","11":"shipping-taxable","12":"purchasable","13":"product-type-simple"},"yoast_head":"<!-- This site is optimized with the Yoast SEO plugin v27.5 - https:\/\/yoast.com\/product\/yoast-seo-wordpress\/ -->\n<title>ALEGRA RESERVA BLEND 2022 750 ML X 1 BOTELLA - Couce Vineyards<\/title>\n<meta name=\"robots\" content=\"index, follow, max-snippet:-1, max-image-preview:large, max-video-preview:-1\" \/>\n<link rel=\"canonical\" href=\"https:\/\/coucevineyards.com\/es\/producto\/alegra-reserva-malbec-2021-750-ml-x-1-botella-2\/\" \/>\n<meta property=\"og:locale\" content=\"es_ES\" \/>\n<meta property=\"og:type\" content=\"article\" \/>\n<meta property=\"og:title\" content=\"ALEGRA RESERVA BLEND 2022 750 ML X 1 BOTELLA - Couce Vineyards\" \/>\n<meta property=\"og:description\" content=\"Alegra es m\u00e1s grande que la suma de sus partes. Es la mezcla de culturas, olores y sensaciones de todo el mundo en busca de la mejor versi\u00f3n entre lo racional y la pasi\u00f3n. Alamela es la uni\u00f3n gen\u00e9tica de los mejores elementos. Representa la fraternidad y la complicidad en la b\u00fasqueda de la felicidad. Al igual que Alan &amp; Melanie, este vino simboliza la juventud, la determinaci\u00f3n de explorar oportunidades, la espontaneidad para descubrir el mundo. Alamela es la fraternidad que te lleva a momentos inolvidables, esos momentos que siempre querr\u00e1s volver a vivir.\" \/>\n<meta property=\"og:url\" content=\"https:\/\/coucevineyards.com\/es\/producto\/alegra-reserva-malbec-2021-750-ml-x-1-botella-2\/\" \/>\n<meta property=\"og:site_name\" content=\"Couce Vineyards\" \/>\n<meta property=\"article:modified_time\" content=\"2025-11-03T16:39:02+00:00\" \/>\n<meta property=\"og:image\" content=\"https:\/\/coucevineyards.com\/wp-content\/uploads\/2024\/11\/alegra-Blend-2022.png\" \/>\n\t<meta property=\"og:image:width\" content=\"1700\" \/>\n\t<meta property=\"og:image:height\" content=\"1700\" \/>\n\t<meta property=\"og:image:type\" content=\"image\/png\" \/>\n<meta name=\"twitter:card\" content=\"summary_large_image\" \/>\n<meta name=\"twitter:label1\" content=\"Tiempo de lectura\" \/>\n\t<meta name=\"twitter:data1\" content=\"1 minuto\" \/>\n<script type=\"application\/ld+json\" class=\"yoast-schema-graph\">{\"@context\":\"https:\\\/\\\/schema.org\",\"@graph\":[{\"@type\":\"WebPage\",\"@id\":\"https:\\\/\\\/coucevineyards.com\\\/producto\\\/alegra-reserva-malbec-2021-750-ml-x-1-botella-2\\\/\",\"url\":\"https:\\\/\\\/coucevineyards.com\\\/producto\\\/alegra-reserva-malbec-2021-750-ml-x-1-botella-2\\\/\",\"name\":\"ALEGRA RESERVA BLEND 2022 750 ML X 1 BOTELLA - Couce Vineyards\",\"isPartOf\":{\"@id\":\"https:\\\/\\\/coucevineyards.com\\\/#website\"},\"primaryImageOfPage\":{\"@id\":\"https:\\\/\\\/coucevineyards.com\\\/producto\\\/alegra-reserva-malbec-2021-750-ml-x-1-botella-2\\\/#primaryimage\"},\"image\":{\"@id\":\"https:\\\/\\\/coucevineyards.com\\\/producto\\\/alegra-reserva-malbec-2021-750-ml-x-1-botella-2\\\/#primaryimage\"},\"thumbnailUrl\":\"https:\\\/\\\/coucevineyards.com\\\/wp-content\\\/uploads\\\/2024\\\/11\\\/alegra-Blend-2022.png\",\"datePublished\":\"2024-11-18T17:41:31+00:00\",\"dateModified\":\"2025-11-03T16:39:02+00:00\",\"breadcrumb\":{\"@id\":\"https:\\\/\\\/coucevineyards.com\\\/producto\\\/alegra-reserva-malbec-2021-750-ml-x-1-botella-2\\\/#breadcrumb\"},\"inLanguage\":\"es-AR\",\"potentialAction\":[{\"@type\":\"ReadAction\",\"target\":[\"https:\\\/\\\/coucevineyards.com\\\/producto\\\/alegra-reserva-malbec-2021-750-ml-x-1-botella-2\\\/\"]}]},{\"@type\":\"ImageObject\",\"inLanguage\":\"es-AR\",\"@id\":\"https:\\\/\\\/coucevineyards.com\\\/producto\\\/alegra-reserva-malbec-2021-750-ml-x-1-botella-2\\\/#primaryimage\",\"url\":\"https:\\\/\\\/coucevineyards.com\\\/wp-content\\\/uploads\\\/2024\\\/11\\\/alegra-Blend-2022.png\",\"contentUrl\":\"https:\\\/\\\/coucevineyards.com\\\/wp-content\\\/uploads\\\/2024\\\/11\\\/alegra-Blend-2022.png\",\"width\":1700,\"height\":1700},{\"@type\":\"BreadcrumbList\",\"@id\":\"https:\\\/\\\/coucevineyards.com\\\/producto\\\/alegra-reserva-malbec-2021-750-ml-x-1-botella-2\\\/#breadcrumb\",\"itemListElement\":[{\"@type\":\"ListItem\",\"position\":1,\"name\":\"Portada\",\"item\":\"https:\\\/\\\/coucevineyards.com\\\/\"},{\"@type\":\"ListItem\",\"position\":2,\"name\":\"Shop\",\"item\":\"https:\\\/\\\/coucevineyards.com\\\/shop\\\/\"},{\"@type\":\"ListItem\",\"position\":3,\"name\":\"ALEGRA RESERVA BLEND 2022 750 ML X 1 BOTELLA\"}]},{\"@type\":\"WebSite\",\"@id\":\"https:\\\/\\\/coucevineyards.com\\\/#website\",\"url\":\"https:\\\/\\\/coucevineyards.com\\\/\",\"name\":\"coucevineyards.com\",\"description\":\"\",\"publisher\":{\"@id\":\"https:\\\/\\\/coucevineyards.com\\\/#organization\"},\"potentialAction\":[{\"@type\":\"SearchAction\",\"target\":{\"@type\":\"EntryPoint\",\"urlTemplate\":\"https:\\\/\\\/coucevineyards.com\\\/?s={search_term_string}\"},\"query-input\":{\"@type\":\"PropertyValueSpecification\",\"valueRequired\":true,\"valueName\":\"search_term_string\"}}],\"inLanguage\":\"es-AR\"},{\"@type\":\"Organization\",\"@id\":\"https:\\\/\\\/coucevineyards.com\\\/#organization\",\"name\":\"Couce Vineyards\",\"url\":\"https:\\\/\\\/coucevineyards.com\\\/\",\"logo\":{\"@type\":\"ImageObject\",\"inLanguage\":\"es-AR\",\"@id\":\"https:\\\/\\\/coucevineyards.com\\\/#\\\/schema\\\/logo\\\/image\\\/\",\"url\":\"https:\\\/\\\/coucevineyards.com\\\/wp-content\\\/uploads\\\/2023\\\/05\\\/logo-2.png\",\"contentUrl\":\"https:\\\/\\\/coucevineyards.com\\\/wp-content\\\/uploads\\\/2023\\\/05\\\/logo-2.png\",\"width\":600,\"height\":496,\"caption\":\"Couce Vineyards\"},\"image\":{\"@id\":\"https:\\\/\\\/coucevineyards.com\\\/#\\\/schema\\\/logo\\\/image\\\/\"},\"sameAs\":[\"https:\\\/\\\/www.instagram.com\\\/coucevineyards\\\/\",\"https:\\\/\\\/www.linkedin.com\\\/company\\\/couce-vineyards\\\/?viewAsMember=true\"]}]}<\/script>\n<!-- \/ Yoast SEO plugin. -->","yoast_head_json":{"title":"ALEGRA RESERVA BLEND 2022 750 ML X 1 BOTELLA - Couce Vineyards","robots":{"index":"index","follow":"follow","max-snippet":"max-snippet:-1","max-image-preview":"max-image-preview:large","max-video-preview":"max-video-preview:-1"},"canonical":"https:\/\/coucevineyards.com\/es\/producto\/alegra-reserva-malbec-2021-750-ml-x-1-botella-2\/","og_locale":"es_ES","og_type":"article","og_title":"ALEGRA RESERVA BLEND 2022 750 ML X 1 BOTELLA - Couce Vineyards","og_description":"Alegra es m\u00e1s grande que la suma de sus partes. Es la mezcla de culturas, olores y sensaciones de todo el mundo en busca de la mejor versi\u00f3n entre lo racional y la pasi\u00f3n. Alamela es la uni\u00f3n gen\u00e9tica de los mejores elementos. Representa la fraternidad y la complicidad en la b\u00fasqueda de la felicidad. Al igual que Alan &amp; Melanie, este vino simboliza la juventud, la determinaci\u00f3n de explorar oportunidades, la espontaneidad para descubrir el mundo. Alamela es la fraternidad que te lleva a momentos inolvidables, esos momentos que siempre querr\u00e1s volver a vivir.","og_url":"https:\/\/coucevineyards.com\/es\/producto\/alegra-reserva-malbec-2021-750-ml-x-1-botella-2\/","og_site_name":"Couce Vineyards","article_modified_time":"2025-11-03T16:39:02+00:00","og_image":[{"width":1700,"height":1700,"url":"https:\/\/coucevineyards.com\/wp-content\/uploads\/2024\/11\/alegra-Blend-2022.png","type":"image\/png"}],"twitter_card":"summary_large_image","twitter_misc":{"Tiempo de lectura":"1 minuto"},"schema":{"@context":"https:\/\/schema.org","@graph":[{"@type":"WebPage","@id":"https:\/\/coucevineyards.com\/producto\/alegra-reserva-malbec-2021-750-ml-x-1-botella-2\/","url":"https:\/\/coucevineyards.com\/producto\/alegra-reserva-malbec-2021-750-ml-x-1-botella-2\/","name":"ALEGRA RESERVA BLEND 2022 750 ML X 1 BOTELLA - Couce Vineyards","isPartOf":{"@id":"https:\/\/coucevineyards.com\/#website"},"primaryImageOfPage":{"@id":"https:\/\/coucevineyards.com\/producto\/alegra-reserva-malbec-2021-750-ml-x-1-botella-2\/#primaryimage"},"image":{"@id":"https:\/\/coucevineyards.com\/producto\/alegra-reserva-malbec-2021-750-ml-x-1-botella-2\/#primaryimage"},"thumbnailUrl":"https:\/\/coucevineyards.com\/wp-content\/uploads\/2024\/11\/alegra-Blend-2022.png","datePublished":"2024-11-18T17:41:31+00:00","dateModified":"2025-11-03T16:39:02+00:00","breadcrumb":{"@id":"https:\/\/coucevineyards.com\/producto\/alegra-reserva-malbec-2021-750-ml-x-1-botella-2\/#breadcrumb"},"inLanguage":"es-AR","potentialAction":[{"@type":"ReadAction","target":["https:\/\/coucevineyards.com\/producto\/alegra-reserva-malbec-2021-750-ml-x-1-botella-2\/"]}]},{"@type":"ImageObject","inLanguage":"es-AR","@id":"https:\/\/coucevineyards.com\/producto\/alegra-reserva-malbec-2021-750-ml-x-1-botella-2\/#primaryimage","url":"https:\/\/coucevineyards.com\/wp-content\/uploads\/2024\/11\/alegra-Blend-2022.png","contentUrl":"https:\/\/coucevineyards.com\/wp-content\/uploads\/2024\/11\/alegra-Blend-2022.png","width":1700,"height":1700},{"@type":"BreadcrumbList","@id":"https:\/\/coucevineyards.com\/producto\/alegra-reserva-malbec-2021-750-ml-x-1-botella-2\/#breadcrumb","itemListElement":[{"@type":"ListItem","position":1,"name":"Portada","item":"https:\/\/coucevineyards.com\/"},{"@type":"ListItem","position":2,"name":"Shop","item":"https:\/\/coucevineyards.com\/shop\/"},{"@type":"ListItem","position":3,"name":"ALEGRA RESERVA BLEND 2022 750 ML X 1 BOTELLA"}]},{"@type":"WebSite","@id":"https:\/\/coucevineyards.com\/#website","url":"https:\/\/coucevineyards.com\/","name":"coucevineyards.com","description":"","publisher":{"@id":"https:\/\/coucevineyards.com\/#organization"},"potentialAction":[{"@type":"SearchAction","target":{"@type":"EntryPoint","urlTemplate":"https:\/\/coucevineyards.com\/?s={search_term_string}"},"query-input":{"@type":"PropertyValueSpecification","valueRequired":true,"valueName":"search_term_string"}}],"inLanguage":"es-AR"},{"@type":"Organization","@id":"https:\/\/coucevineyards.com\/#organization","name":"Couce Vineyards","url":"https:\/\/coucevineyards.com\/","logo":{"@type":"ImageObject","inLanguage":"es-AR","@id":"https:\/\/coucevineyards.com\/#\/schema\/logo\/image\/","url":"https:\/\/coucevineyards.com\/wp-content\/uploads\/2023\/05\/logo-2.png","contentUrl":"https:\/\/coucevineyards.com\/wp-content\/uploads\/2023\/05\/logo-2.png","width":600,"height":496,"caption":"Couce Vineyards"},"image":{"@id":"https:\/\/coucevineyards.com\/#\/schema\/logo\/image\/"},"sameAs":["https:\/\/www.instagram.com\/coucevineyards\/","https:\/\/www.linkedin.com\/company\/couce-vineyards\/?viewAsMember=true"]}]}},"_links":{"self":[{"href":"https:\/\/coucevineyards.com\/es\/wp-json\/wp\/v2\/product\/722","targetHints":{"allow":["GET"]}}],"collection":[{"href":"https:\/\/coucevineyards.com\/es\/wp-json\/wp\/v2\/product"}],"about":[{"href":"https:\/\/coucevineyards.com\/es\/wp-json\/wp\/v2\/types\/product"}],"wp:featuredmedia":[{"embeddable":true,"href":"https:\/\/coucevineyards.com\/es\/wp-json\/wp\/v2\/media\/723"}],"wp:attachment":[{"href":"https:\/\/coucevineyards.com\/es\/wp-json\/wp\/v2\/media?parent=722"}],"wp:term":[{"taxonomy":"product_brand","embeddable":true,"href":"https:\/\/coucevineyards.com\/es\/wp-json\/wp\/v2\/product_brand?post=722"},{"taxonomy":"product_cat","embeddable":true,"href":"https:\/\/coucevineyards.com\/es\/wp-json\/wp\/v2\/product_cat?post=722"},{"taxonomy":"product_tag","embeddable":true,"href":"https:\/\/coucevineyards.com\/es\/wp-json\/wp\/v2\/product_tag?post=722"}],"curies":[{"name":"wp","href":"https:\/\/api.w.org\/{rel}","templated":true}]}}